{"id":2378,"date":"2021-01-15T18:26:35","date_gmt":"2021-01-15T17:26:35","guid":{"rendered":"http:\/\/www.ambiente-vita.it\/?page_id=2378"},"modified":"2022-11-09T10:29:16","modified_gmt":"2022-11-09T09:29:16","slug":"raddoppio-centrale-ostiglia","status":"publish","type":"page","link":"https:\/\/www.ambiente-vita.it\/?page_id=2378","title":{"rendered":"Raddoppio centrale Ostiglia"},"content":{"rendered":"\n<p><strong><span style=\"font-size: 14pt;\">20\/11\/2021<\/span><\/strong><\/p>\n<p><a href=\"https:\/\/www.ambiente-vita.it\/homepage\/img-20211108-wa0006\/\" rel=\"attachment wp-att-3470\"><img loading=\"lazy\" decoding=\"async\" class=\"aligncenter  wp-image-3470\" src=\"https:\/\/www.ambiente-vita.it\/wp-content\/uploads\/2021\/11\/IMG-20211108-WA0006-150x150.jpg\" alt=\"\" width=\"234\" height=\"234\" \/><\/a><\/p>\n<p><strong><span style=\"font-size: 14pt;\">12\/10\/2021 da &#8220;Il fatto quotidiano&#8221;<\/span><\/strong><\/p>\n<p><a href=\"https:\/\/www.ambiente-vita.it\/homepage\/safe_image-php-2\/\" rel=\"attachment wp-att-3463\"><img loading=\"lazy\" decoding=\"async\" class=\"aligncenter size-thumbnail wp-image-3463\" src=\"https:\/\/www.ambiente-vita.it\/wp-content\/uploads\/2021\/10\/safe_image.php_-150x150.jpeg\" alt=\"\" width=\"150\" height=\"150\" \/><\/a><\/p>\n<p><span style=\"color: #ff0000;\">(segui il link)<\/span>\u00a0 &#8211;\u00a0<a href=\"https:\/\/www.ilfattoquotidiano.it\/in-edicola\/articoli\/2021\/10\/12\/il-via-libera-del-ministero-della-transizione-alla-nuova-centrale-rivolta-nel-mantovano\/6350266\/?utm_source=newsletter&amp;utm_medium=email&amp;utm_campaign=fatto-for-future&amp;utm_term=2021-10-12&amp;fbclid=IwAR1CKziFIQIyuiX4VlZrxTXcX6QEETjd6ju1sWMUgCQwSd1ce8lqCnePzb4\" target=\"_blank\" rel=\"noopener\">https:\/\/www.ilfattoquotidiano.it\/in-edicola\/articoli\/2021\/10\/12\/il-via-libera-del-ministero-della-transizione-alla-nuova-centrale-rivolta-nel-mantovano\/6350266\/?utm_source=newsletter&amp;utm_medium=email&amp;utm_campaign=fatto-for-future&amp;utrm=2021-10-12&amp;fbclid=IwAR1CKziFIQIyuiX4VlZrxTXcX6QEETjd6ju1sWMUgCQwSd1ce8lqCnePzb4<\/a><\/p>\n<p><span style=\"font-size: 14pt;\"><strong>12\/09\/2021 da &#8220;Gazzetta di Mantova&#8221;<\/strong><\/span><\/p>\n<p><a href=\"https:\/\/www.ambiente-vita.it\/homepage\/4fe9a3e2-91ef-4066-99ed-30190585182b\/\" rel=\"attachment wp-att-3452\"><img loading=\"lazy\" decoding=\"async\" class=\"aligncenter  wp-image-3452\" src=\"https:\/\/www.ambiente-vita.it\/wp-content\/uploads\/2021\/09\/4fe9a3e2-91ef-4066-99ed-30190585182b-150x150.jpg\" alt=\"\" width=\"221\" height=\"221\" \/><\/a><\/p>\n<div class=\"kvgmc6g5 cxmmr5t8 oygrvhab hcukyx3x c1et5uql ii04i59q\">\n<div dir=\"auto\"><strong>LOTTARE INSIEME PER LA NOSTRA SALUTE<\/strong><\/div>\n<div dir=\"auto\"><span class=\"pq6dq46d tbxw36s4 knj5qynh kvgmc6g5 ditlmg2l oygrvhab nvdbi5me sf5mxxl7 gl3lb2sf hhz5lgdu\"><img loading=\"lazy\" decoding=\"async\" src=\"https:\/\/static.xx.fbcdn.net\/images\/emoji.php\/v9\/tac\/1\/16\/1f4cc.png\" alt=\"\ud83d\udccc\" width=\"16\" height=\"16\" \/><\/span>Per i cittadini dell\u2019oltrepo mantovano.<\/div>\n<div dir=\"auto\">Il nostro territorio preso di mira quasi esclusivamente dagli insediamenti che avranno la capacita di renderlo ancora pi\u00f9 ZONA DEPRESSA.<\/div>\n<div dir=\"auto\"><span class=\"pq6dq46d tbxw36s4 knj5qynh kvgmc6g5 ditlmg2l oygrvhab nvdbi5me sf5mxxl7 gl3lb2sf hhz5lgdu\"><img loading=\"lazy\" decoding=\"async\" src=\"https:\/\/static.xx.fbcdn.net\/images\/emoji.php\/v9\/tac\/1\/16\/1f4cc.png\" alt=\"\ud83d\udccc\" width=\"16\" height=\"16\" \/><\/span>La qualit\u00e0 della vita qui \u00e8 gi\u00e0 oggi scadente ,il livello di inquinamento dell\u2019aria ha il triste record di essere AI PIU\u2019ALTI LIVELLI IN EUROPA.<\/div>\n<div dir=\"auto\"><span class=\"pq6dq46d tbxw36s4 knj5qynh kvgmc6g5 ditlmg2l oygrvhab nvdbi5me sf5mxxl7 gl3lb2sf hhz5lgdu\"><img loading=\"lazy\" decoding=\"async\" src=\"https:\/\/static.xx.fbcdn.net\/images\/emoji.php\/v9\/tac\/1\/16\/1f4cc.png\" alt=\"\ud83d\udccc\" width=\"16\" height=\"16\" \/><\/span>Chi ha la responsabilit\u00e0 dello sviluppo dei nostri territori APPOGGIA e PERMETTE l\u2019insediamento di nuove centrali turbogas,di nuovi impianti di biometano da rifiuti, di potenziare gli allevamenti intensivi.<\/div>\n<\/div>\n<div class=\"o9v6fnle cxmmr5t8 oygrvhab hcukyx3x c1et5uql ii04i59q\">\n<div dir=\"auto\"><span class=\"pq6dq46d tbxw36s4 knj5qynh kvgmc6g5 ditlmg2l oygrvhab nvdbi5me sf5mxxl7 gl3lb2sf hhz5lgdu\"><img loading=\"lazy\" decoding=\"async\" src=\"https:\/\/static.xx.fbcdn.net\/images\/emoji.php\/v9\/t5d\/1\/16\/26a1.png\" alt=\"\u26a1\" width=\"16\" height=\"16\" \/><\/span> E \u2018QUESTO IL MODELLO DI SVILUPPO SOSTENIBILE CHE VOGLIAMO OFFRIRE ALLE NOSTRE GIOVANI GENERAZIONI ?<\/div>\n<div dir=\"auto\"><span class=\"pq6dq46d tbxw36s4 knj5qynh kvgmc6g5 ditlmg2l oygrvhab nvdbi5me sf5mxxl7 gl3lb2sf hhz5lgdu\"><img loading=\"lazy\" decoding=\"async\" src=\"https:\/\/static.xx.fbcdn.net\/images\/emoji.php\/v9\/t5d\/1\/16\/26a1.png\" alt=\"\u26a1\" width=\"16\" height=\"16\" \/><\/span> QUESTO \u00c8 SOLO IL MODO DI GENERARE UNA ZONA VUOTA E SUPERDEPRESSA DOVE POTRANNO INSEDIARSI SENZA DIFFICOLT\u00c0 SOLO ALTRE AZIENDE DI QUESTO TIPO E LA POLITICA ALLORA FINGERA\u2019 DI VENIRE INCONTRO ALLA SITUAZIONE ELARGENDO CONTRIBUTI CHE HANNO SEMPRE AVUTO IL SOLO SCOPO DI MANTENERE LO STATUS QUO<\/div>\n<\/div>\n<div dir=\"auto\">\n<p><strong>24\/07\/2021 da \u201cGazzetta di Mantova\u201d<\/strong><\/p>\n<p><a href=\"https:\/\/www.ambiente-vita.it\/homepage\/0943585f-d950-482d-a656-669da2b72e95\/\" rel=\"attachment wp-att-3440\"><img loading=\"lazy\" decoding=\"async\" class=\"aligncenter  wp-image-3440\" src=\"https:\/\/www.ambiente-vita.it\/wp-content\/uploads\/2021\/07\/0943585f-d950-482d-a656-669da2b72e95-150x150.jpg\" alt=\"\" width=\"198\" height=\"198\" \/><\/a><\/p>\n<\/div>\n<p><span style=\"font-size: 14pt;\"><strong>23\/04\/2021 &#8211; Lettera aperta<\/strong><\/span><\/p>\n<p>Questo \u00e8 il testo della lettera sottoscritta da 11 tra Associazioni e Comitati . E&#8217; stata inviata al Presidente e a tutti i Sindaci della Provincia di Mantova, al Presidente del Consorzio Oltrepo Mantovano, ai Sindaci dei comuni veronesi e rodigini pi\u00f9 prossimi al comune di Ostiglia e in copia anche al Prefetto perch\u00e9 nessuno possa dire &#8220;non lo sapevo&#8221; o &#8221; non mi riguarda&#8221;. Il raddoppio della centrale di Ostiglia \u00e8 un problema che riguarda la qualit\u00e0 dell&#8217;aria di un vasto territorio che comprende pi\u00f9 province e che contribuira&#8217; a peggiorare ulteriormente il grado di inquinamento della pianura padana.\u00a0<\/p>\n<div id='gallery-1' class='gallery galleryid-2378 gallery-columns-3 gallery-size-thumbnail'><dl class='gallery-item'>\n\t\t\t<dt class='gallery-icon portrait'>\n\t\t\t\t<a href='https:\/\/www.ambiente-vita.it\/?attachment_id=3414'><img loading=\"lazy\" decoding=\"async\" width=\"150\" height=\"150\" src=\"https:\/\/www.ambiente-vita.it\/wp-content\/uploads\/2021\/04\/1bb7576e-59af-4f06-b951-0aed33ae7fca-150x150.jpg\" class=\"attachment-thumbnail size-thumbnail\" alt=\"\" \/><\/a>\n\t\t\t<\/dt><\/dl><dl class='gallery-item'>\n\t\t\t<dt class='gallery-icon portrait'>\n\t\t\t\t<a href='https:\/\/www.ambiente-vita.it\/?attachment_id=3416'><img loading=\"lazy\" decoding=\"async\" width=\"150\" height=\"150\" src=\"https:\/\/www.ambiente-vita.it\/wp-content\/uploads\/2021\/04\/cb4fff05-479b-4325-bec1-375db3eaf784-150x150.jpg\" class=\"attachment-thumbnail size-thumbnail\" alt=\"\" \/><\/a>\n\t\t\t<\/dt><\/dl><dl class='gallery-item'>\n\t\t\t<dt class='gallery-icon portrait'>\n\t\t\t\t<a href='https:\/\/www.ambiente-vita.it\/?attachment_id=3415'><img loading=\"lazy\" decoding=\"async\" width=\"150\" height=\"150\" src=\"https:\/\/www.ambiente-vita.it\/wp-content\/uploads\/2021\/04\/2994840c-3c6a-4aba-af97-68bd8f74525b-150x150.jpg\" class=\"attachment-thumbnail size-thumbnail\" alt=\"\" \/><\/a>\n\t\t\t<\/dt><\/dl><br style=\"clear: both\" \/>\n\t\t<\/div>\n\n<p>\u00a0<\/p>\n<p><span style=\"font-size: 14pt;\"><strong>28\/03\/2021 da &#8220;Gazzetta si Mantova&#8221;\u00a0<\/strong><\/span><\/p>\n<p><a href=\"https:\/\/www.ambiente-vita.it\/homepage\/ef35d598-546a-42bd-b315-c8be92c45567\/\" rel=\"attachment wp-att-3374\"><img loading=\"lazy\" decoding=\"async\" class=\"aligncenter  wp-image-3374\" src=\"https:\/\/www.ambiente-vita.it\/wp-content\/uploads\/2021\/03\/ef35d598-546a-42bd-b315-c8be92c45567-150x150.jpg\" alt=\"\" width=\"206\" height=\"206\" \/><\/a><\/p>\n<p><span style=\"font-size: 14pt;\"><strong>20\/03\/2021 &#8211; Le ragioni del no\u00a0<\/strong><\/span><\/p>\n<div id='gallery-2' class='gallery galleryid-2378 gallery-columns-2 gallery-size-thumbnail'><dl class='gallery-item'>\n\t\t\t<dt class='gallery-icon landscape'>\n\t\t\t\t<a href='https:\/\/www.ambiente-vita.it\/?attachment_id=3351'><img loading=\"lazy\" decoding=\"async\" width=\"150\" height=\"150\" src=\"https:\/\/www.ambiente-vita.it\/wp-content\/uploads\/2021\/03\/2f81f021-343d-4c6d-9974-6e379246f960-150x150.jpg\" class=\"attachment-thumbnail size-thumbnail\" alt=\"\" \/><\/a>\n\t\t\t<\/dt><\/dl><dl class='gallery-item'>\n\t\t\t<dt class='gallery-icon landscape'>\n\t\t\t\t<a href='https:\/\/www.ambiente-vita.it\/?attachment_id=3352'><img loading=\"lazy\" decoding=\"async\" width=\"150\" height=\"150\" src=\"https:\/\/www.ambiente-vita.it\/wp-content\/uploads\/2021\/03\/71daa143-c3ee-43d2-879a-7d5d7e36c23c-150x150.jpg\" class=\"attachment-thumbnail size-thumbnail\" alt=\"\" \/><\/a>\n\t\t\t<\/dt><\/dl><br style=\"clear: both\" \/>\n\t\t<\/div>\n\n<p>\u00a0<\/p>\n<p><strong><span style=\"font-size: 14pt;\">25\/01\/2021 da &#8220;Gazzetta di Mantova&#8221;<\/span><\/strong><\/p>\n<div id='gallery-3' class='gallery galleryid-2378 gallery-columns-3 gallery-size-thumbnail'><dl class='gallery-item'>\n\t\t\t<dt class='gallery-icon portrait'>\n\t\t\t\t<a href='https:\/\/www.ambiente-vita.it\/?attachment_id=3090'><img loading=\"lazy\" decoding=\"async\" width=\"150\" height=\"150\" src=\"https:\/\/www.ambiente-vita.it\/wp-content\/uploads\/2021\/01\/IMAGE-2021-01-26-093724-1-150x150.jpg\" class=\"attachment-thumbnail size-thumbnail\" alt=\"\" \/><\/a>\n\t\t\t<\/dt><\/dl><dl class='gallery-item'>\n\t\t\t<dt class='gallery-icon portrait'>\n\t\t\t\t<a href='https:\/\/www.ambiente-vita.it\/?attachment_id=3088'><img loading=\"lazy\" decoding=\"async\" width=\"150\" height=\"150\" src=\"https:\/\/www.ambiente-vita.it\/wp-content\/uploads\/2021\/01\/IMAGE-2021-01-26-093648-150x150.jpg\" class=\"attachment-thumbnail size-thumbnail\" alt=\"\" \/><\/a>\n\t\t\t<\/dt><\/dl>\n\t\t\t<br style='clear: both' \/>\n\t\t<\/div>\n\n<p><strong>21-22-23\/01\/2021 \u2013 da \u201cGazzetta di Mantova\u201d \u2013 Negare i problemi diventa pericoloso<\/strong><\/p>\n<div id='gallery-4' class='gallery galleryid-2378 gallery-columns-3 gallery-size-thumbnail'><dl class='gallery-item'>\n\t\t\t<dt class='gallery-icon landscape'>\n\t\t\t\t<a href='https:\/\/www.ambiente-vita.it\/?attachment_id=3053'><img loading=\"lazy\" decoding=\"async\" width=\"150\" height=\"150\" src=\"https:\/\/www.ambiente-vita.it\/wp-content\/uploads\/2021\/01\/IMAGE-2021-01-23-110455-150x150.jpg\" class=\"attachment-thumbnail size-thumbnail\" alt=\"\" srcset=\"https:\/\/www.ambiente-vita.it\/wp-content\/uploads\/2021\/01\/IMAGE-2021-01-23-110455-150x150.jpg 150w, https:\/\/www.ambiente-vita.it\/wp-content\/uploads\/2021\/01\/IMAGE-2021-01-23-110455-300x297.jpg 300w\" sizes=\"auto, (max-width: 150px) 100vw, 150px\" \/><\/a>\n\t\t\t<\/dt><\/dl><dl class='gallery-item'>\n\t\t\t<dt class='gallery-icon portrait'>\n\t\t\t\t<a href='https:\/\/www.ambiente-vita.it\/?attachment_id=3054'><img loading=\"lazy\" decoding=\"async\" width=\"150\" height=\"150\" src=\"https:\/\/www.ambiente-vita.it\/wp-content\/uploads\/2021\/01\/IMAGE-2021-01-23-110445-150x150.jpg\" class=\"attachment-thumbnail size-thumbnail\" alt=\"\" \/><\/a>\n\t\t\t<\/dt><\/dl><dl class='gallery-item'>\n\t\t\t<dt class='gallery-icon portrait'>\n\t\t\t\t<a href='https:\/\/www.ambiente-vita.it\/?attachment_id=3055'><img loading=\"lazy\" decoding=\"async\" width=\"150\" height=\"150\" src=\"https:\/\/www.ambiente-vita.it\/wp-content\/uploads\/2021\/01\/IMAGE-2021-01-23-110525-150x150.jpg\" class=\"attachment-thumbnail size-thumbnail\" alt=\"\" \/><\/a>\n\t\t\t<\/dt><\/dl><br style=\"clear: both\" \/>\n\t\t<\/div>\n\n<p><span style=\"font-size: 14pt; color: #000000;\"><strong><span style=\"font-size: 14pt;\">20\/01\/2021 &#8211; da &#8220;Gazzetta di Mantova&#8221;<\/span><\/strong><\/span><\/p>\n<div id='gallery-5' class='gallery galleryid-2378 gallery-columns-3 gallery-size-thumbnail'><dl class='gallery-item'>\n\t\t\t<dt class='gallery-icon portrait'>\n\t\t\t\t<a href='https:\/\/www.ambiente-vita.it\/?attachment_id=2936'><img loading=\"lazy\" decoding=\"async\" width=\"150\" height=\"150\" src=\"https:\/\/www.ambiente-vita.it\/wp-content\/uploads\/2021\/01\/140947055_4153816574646292_4634222553985543274_o-150x150.jpg\" class=\"attachment-thumbnail size-thumbnail\" alt=\"\" \/><\/a>\n\t\t\t<\/dt><\/dl><dl class='gallery-item'>\n\t\t\t<dt class='gallery-icon landscape'>\n\t\t\t\t<a href='https:\/\/www.ambiente-vita.it\/?attachment_id=2935'><img loading=\"lazy\" decoding=\"async\" width=\"150\" height=\"150\" src=\"https:\/\/www.ambiente-vita.it\/wp-content\/uploads\/2021\/01\/140974764_4153816594646290_6577518812508799486_o-150x150.jpg\" class=\"attachment-thumbnail size-thumbnail\" alt=\"\" \/><\/a>\n\t\t\t<\/dt><\/dl><dl class='gallery-item'>\n\t\t\t<dt class='gallery-icon landscape'>\n\t\t\t\t<a href='https:\/\/www.ambiente-vita.it\/?attachment_id=2937'><img loading=\"lazy\" decoding=\"async\" width=\"90\" height=\"90\" src=\"https:\/\/www.ambiente-vita.it\/wp-content\/uploads\/2021\/01\/download.jpg\" class=\"attachment-thumbnail size-thumbnail\" alt=\"\" \/><\/a>\n\t\t\t<\/dt><\/dl><br style=\"clear: both\" \/>\n\t\t<\/div>\n\n<p>\u00a0<\/p>\n<p>Segui il Link &#8211;\u00a0\u00a0<a href=\"https:\/\/gazzettadimantova.gelocal.it\/mantova\/cronaca\/2021\/01\/20\/news\/la-cgil-apre-all-ampliamento-della-centrale-elettrica-di-ostiglia-ma-i-posti-di-lavoro-sono-pochi-1.39797354\" target=\"_blank\" rel=\"noopener\">https:\/\/gazzettadimantova.gelocal.it\/mantova\/cronaca\/2021\/01\/20\/news\/la-cgil-apre-all-ampliamento-della-centrale-elettrica-di-ostiglia-ma-i-posti-di-lavoro-sono-pochi-1.39797354<\/a><\/p>\n<p><span style=\"font-size: 14pt;\"><strong>18-19\/01\/2021 da &#8220;Gazzetta di Mantova&#8221;<\/strong><\/span><\/p>\n<div id='gallery-6' class='gallery galleryid-2378 gallery-columns-5 gallery-size-thumbnail'><dl class='gallery-item'>\n\t\t\t<dt class='gallery-icon landscape'>\n\t\t\t\t<a href='https:\/\/www.ambiente-vita.it\/?attachment_id=3044'><img loading=\"lazy\" decoding=\"async\" width=\"150\" height=\"150\" src=\"https:\/\/www.ambiente-vita.it\/wp-content\/uploads\/2021\/01\/IMAGE-2021-01-23-104403-150x150.jpg\" class=\"attachment-thumbnail size-thumbnail\" alt=\"\" \/><\/a>\n\t\t\t<\/dt><\/dl><dl class='gallery-item'>\n\t\t\t<dt class='gallery-icon landscape'>\n\t\t\t\t<a href='https:\/\/www.ambiente-vita.it\/?attachment_id=3045'><img loading=\"lazy\" decoding=\"async\" width=\"150\" height=\"150\" src=\"https:\/\/www.ambiente-vita.it\/wp-content\/uploads\/2021\/01\/IMAGE-2021-01-23-104949-150x150.jpg\" class=\"attachment-thumbnail size-thumbnail\" alt=\"\" \/><\/a>\n\t\t\t<\/dt><\/dl><dl class='gallery-item'>\n\t\t\t<dt class='gallery-icon portrait'>\n\t\t\t\t<a href='https:\/\/www.ambiente-vita.it\/?attachment_id=3049'><img loading=\"lazy\" decoding=\"async\" width=\"150\" height=\"150\" src=\"https:\/\/www.ambiente-vita.it\/wp-content\/uploads\/2021\/01\/IMAGE-2021-01-23-105800-150x150.jpg\" class=\"attachment-thumbnail size-thumbnail\" alt=\"\" \/><\/a>\n\t\t\t<\/dt><\/dl><dl class='gallery-item'>\n\t\t\t<dt class='gallery-icon portrait'>\n\t\t\t\t<a href='https:\/\/www.ambiente-vita.it\/?attachment_id=3046'><img loading=\"lazy\" decoding=\"async\" width=\"150\" height=\"150\" src=\"https:\/\/www.ambiente-vita.it\/wp-content\/uploads\/2021\/01\/IMAGE-2021-01-23-104658-150x150.jpg\" class=\"attachment-thumbnail size-thumbnail\" alt=\"\" \/><\/a>\n\t\t\t<\/dt><\/dl><dl class='gallery-item'>\n\t\t\t<dt class='gallery-icon landscape'>\n\t\t\t\t<a href='https:\/\/www.ambiente-vita.it\/?attachment_id=3047'><img loading=\"lazy\" decoding=\"async\" width=\"150\" height=\"150\" src=\"https:\/\/www.ambiente-vita.it\/wp-content\/uploads\/2021\/01\/IMAGE-2021-01-23-104525-150x150.jpg\" class=\"attachment-thumbnail size-thumbnail\" alt=\"\" \/><\/a>\n\t\t\t<\/dt><\/dl><br style=\"clear: both\" \/>\n\t\t<\/div>\n\n<p><span style=\"font-size: 14pt; color: #000000;\"><strong><span style=\"font-size: 14pt;\">16-17\/01\/2021 da &#8220;Gazzetta di Mantova&#8221;<\/span><\/strong><\/span><\/p>\n<div id='gallery-7' class='gallery galleryid-2378 gallery-columns-3 gallery-size-thumbnail'><dl class='gallery-item'>\n\t\t\t<dt class='gallery-icon portrait'>\n\t\t\t\t<a href='https:\/\/www.ambiente-vita.it\/?attachment_id=2836'><img loading=\"lazy\" decoding=\"async\" width=\"150\" height=\"150\" src=\"https:\/\/www.ambiente-vita.it\/wp-content\/uploads\/2021\/01\/033ef495-99f9-4e53-82ff-0633bb0d1aaf-1-150x150.jpg\" class=\"attachment-thumbnail size-thumbnail\" alt=\"\" \/><\/a>\n\t\t\t<\/dt><\/dl><dl class='gallery-item'>\n\t\t\t<dt class='gallery-icon portrait'>\n\t\t\t\t<a href='https:\/\/www.ambiente-vita.it\/?attachment_id=2855'><img loading=\"lazy\" decoding=\"async\" width=\"150\" height=\"150\" src=\"https:\/\/www.ambiente-vita.it\/wp-content\/uploads\/2021\/01\/d88956ce-51aa-4bd1-ab0a-f53881769cf9-150x150.jpg\" class=\"attachment-thumbnail size-thumbnail\" alt=\"\" \/><\/a>\n\t\t\t<\/dt><\/dl>\n\t\t\t<br style='clear: both' \/>\n\t\t<\/div>\n\n<p>\u00a0<\/p>\n<p><span style=\"font-size: 14pt; color: #000000;\"><strong>16\/01\/2021 da &#8220;gazzetta di Mantova&#8221;<\/strong><\/span><\/p>\n<p><a href=\"https:\/\/www.ambiente-vita.it\/raddoppio-centrale-ostiglia\/ostiglia-jpgfdetail_558h720w1280pfhw06a15d0-copia\/\" rel=\"attachment wp-att-2824\"><img loading=\"lazy\" decoding=\"async\" class=\"alignleft size-medium wp-image-2824\" src=\"https:\/\/www.ambiente-vita.it\/wp-content\/uploads\/2021\/01\/ostiglia.jpgfdetail_558h720w1280pfhw06a15d0-copia-300x168.jpg\" alt=\"\" width=\"300\" height=\"168\" srcset=\"https:\/\/www.ambiente-vita.it\/wp-content\/uploads\/2021\/01\/ostiglia.jpgfdetail_558h720w1280pfhw06a15d0-copia-300x168.jpg 300w, https:\/\/www.ambiente-vita.it\/wp-content\/uploads\/2021\/01\/ostiglia.jpgfdetail_558h720w1280pfhw06a15d0-copia-768x430.jpg 768w, https:\/\/www.ambiente-vita.it\/wp-content\/uploads\/2021\/01\/ostiglia.jpgfdetail_558h720w1280pfhw06a15d0-copia.jpg 933w\" sizes=\"auto, (max-width: 300px) 100vw, 300px\" \/><\/a><a href=\"https:\/\/www.facebook.com\/62769612287\/posts\/10159029610132288\/?sfnsn=scwspwa\" target=\"_blank\" rel=\"noopener\">https:\/\/www.facebook.com\/62769612287\/posts\/10159029610132288\/?sfnsn=scwspwa<\/a><\/p>\n<p>\u00a0<\/p>\n<p>\u00a0<\/p>\n<p style=\"text-align: left;\"><span style=\"font-size: 14pt; color: #000000;\"><strong>14\/01\/2021 &#8211; Interrogazione Regione Lombardia<\/strong><\/span><\/p>\n<div id='gallery-8' class='gallery galleryid-2378 gallery-columns-3 gallery-size-thumbnail'><dl class='gallery-item'>\n\t\t\t<dt class='gallery-icon portrait'>\n\t\t\t\t<a href='https:\/\/www.ambiente-vita.it\/?attachment_id=2965'><img loading=\"lazy\" decoding=\"async\" width=\"150\" height=\"150\" src=\"https:\/\/www.ambiente-vita.it\/wp-content\/uploads\/2021\/01\/IMG_00001-150x150.jpeg\" class=\"attachment-thumbnail size-thumbnail\" alt=\"\" \/><\/a>\n\t\t\t<\/dt><\/dl><dl class='gallery-item'>\n\t\t\t<dt class='gallery-icon portrait'>\n\t\t\t\t<a href='https:\/\/www.ambiente-vita.it\/?attachment_id=2966'><img loading=\"lazy\" decoding=\"async\" width=\"150\" height=\"150\" src=\"https:\/\/www.ambiente-vita.it\/wp-content\/uploads\/2021\/01\/IMG_00002-150x150.jpeg\" class=\"attachment-thumbnail size-thumbnail\" alt=\"\" \/><\/a>\n\t\t\t<\/dt><\/dl>\n\t\t\t<br style='clear: both' \/>\n\t\t<\/div>\n\n<p>\u00a0<\/p>\n<p style=\"text-align: left;\"><span style=\"font-size: 14pt; color: #000000;\"><strong>12\/01\/2021 da &#8220;Gazzetta di Mantova&#8221;<\/strong><\/span><a href=\"https:\/\/www.ambiente-vita.it\/homepage\/raddoppio-centrale-ep-12-gen-21\/\" rel=\"attachment wp-att-2376\"><img loading=\"lazy\" decoding=\"async\" class=\"aligncenter  wp-image-2376\" src=\"https:\/\/www.ambiente-vita.it\/wp-content\/uploads\/2021\/01\/Raddoppio-centrale-Ep-12-gen-21-300x251.jpg\" alt=\"\" width=\"418\" height=\"350\" srcset=\"https:\/\/www.ambiente-vita.it\/wp-content\/uploads\/2021\/01\/Raddoppio-centrale-Ep-12-gen-21-300x251.jpg 300w, https:\/\/www.ambiente-vita.it\/wp-content\/uploads\/2021\/01\/Raddoppio-centrale-Ep-12-gen-21-1024x857.jpg 1024w, https:\/\/www.ambiente-vita.it\/wp-content\/uploads\/2021\/01\/Raddoppio-centrale-Ep-12-gen-21-768x643.jpg 768w, https:\/\/www.ambiente-vita.it\/wp-content\/uploads\/2021\/01\/Raddoppio-centrale-Ep-12-gen-21-1536x1285.jpg 1536w, https:\/\/www.ambiente-vita.it\/wp-content\/uploads\/2021\/01\/Raddoppio-centrale-Ep-12-gen-21-956x800.jpg 956w, https:\/\/www.ambiente-vita.it\/wp-content\/uploads\/2021\/01\/Raddoppio-centrale-Ep-12-gen-21.jpg 1600w\" sizes=\"auto, (max-width: 418px) 100vw, 418px\" \/><\/a><\/p>\n<p><strong><span style=\"font-size: 14pt;\">10\/01\/2021 da &#8220;Gazzetta di Mantova&#8221;<\/span><\/strong><\/p>\n<p><a href=\"https:\/\/www.ambiente-vita.it\/homepage\/un-silenzio-che-stupisce-10-gennaio\/\" rel=\"attachment wp-att-2815\"><img loading=\"lazy\" decoding=\"async\" class=\"aligncenter size-medium wp-image-2815\" src=\"https:\/\/www.ambiente-vita.it\/wp-content\/uploads\/2021\/01\/Un-silenzio-che-stupisce-10-gennaio-133x300.jpg\" alt=\"\" width=\"133\" height=\"300\" srcset=\"https:\/\/www.ambiente-vita.it\/wp-content\/uploads\/2021\/01\/Un-silenzio-che-stupisce-10-gennaio-133x300.jpg 133w, https:\/\/www.ambiente-vita.it\/wp-content\/uploads\/2021\/01\/Un-silenzio-che-stupisce-10-gennaio-454x1024.jpg 454w, https:\/\/www.ambiente-vita.it\/wp-content\/uploads\/2021\/01\/Un-silenzio-che-stupisce-10-gennaio.jpg 639w\" sizes=\"auto, (max-width: 133px) 100vw, 133px\" \/><\/a><\/p>\n<p>\u00a0<\/p>\n<p><strong>09\/01\/2021 &#8211; Osservazione revamping centrale Ep<\/strong><\/p>\n<div id='gallery-9' class='gallery galleryid-2378 gallery-columns-3 gallery-size-thumbnail'><dl class='gallery-item'>\n\t\t\t<dt class='gallery-icon portrait'>\n\t\t\t\t<a href='https:\/\/www.ambiente-vita.it\/?attachment_id=2793'><img loading=\"lazy\" decoding=\"async\" width=\"150\" height=\"150\" src=\"https:\/\/www.ambiente-vita.it\/wp-content\/uploads\/2021\/01\/Osservazioni-Revamping-CTE-Ostiglia-2020-pag-3-001-1-150x150.jpg\" class=\"attachment-thumbnail size-thumbnail\" alt=\"\" \/><\/a>\n\t\t\t<\/dt><\/dl><dl class='gallery-item'>\n\t\t\t<dt class='gallery-icon portrait'>\n\t\t\t\t<a href='https:\/\/www.ambiente-vita.it\/?attachment_id=2792'><img loading=\"lazy\" decoding=\"async\" width=\"150\" height=\"150\" src=\"https:\/\/www.ambiente-vita.it\/wp-content\/uploads\/2021\/01\/Osservazioni-Revamping-CTE-Ostiglia-2020-pag-2-001-1-150x150.jpg\" class=\"attachment-thumbnail size-thumbnail\" alt=\"\" \/><\/a>\n\t\t\t<\/dt><\/dl><dl class='gallery-item'>\n\t\t\t<dt class='gallery-icon portrait'>\n\t\t\t\t<a href='https:\/\/www.ambiente-vita.it\/?attachment_id=2791'><img loading=\"lazy\" decoding=\"async\" width=\"150\" height=\"150\" src=\"https:\/\/www.ambiente-vita.it\/wp-content\/uploads\/2021\/01\/Osservazioni-Revamping-CTE-Ostiglia-2020-pag-1-001-1-150x150.jpg\" class=\"attachment-thumbnail size-thumbnail\" alt=\"\" \/><\/a>\n\t\t\t<\/dt><\/dl><br style=\"clear: both\" \/><dl class='gallery-item'>\n\t\t\t<dt class='gallery-icon portrait'>\n\t\t\t\t<a href='https:\/\/www.ambiente-vita.it\/?attachment_id=2790'><img loading=\"lazy\" decoding=\"async\" width=\"150\" height=\"150\" src=\"https:\/\/www.ambiente-vita.it\/wp-content\/uploads\/2021\/01\/Oss3-1-150x150.jpeg\" class=\"attachment-thumbnail size-thumbnail\" alt=\"\" \/><\/a>\n\t\t\t<\/dt><\/dl><dl class='gallery-item'>\n\t\t\t<dt class='gallery-icon portrait'>\n\t\t\t\t<a href='https:\/\/www.ambiente-vita.it\/?attachment_id=2789'><img loading=\"lazy\" decoding=\"async\" width=\"150\" height=\"150\" src=\"https:\/\/www.ambiente-vita.it\/wp-content\/uploads\/2021\/01\/Oss2-1-150x150.jpeg\" class=\"attachment-thumbnail size-thumbnail\" alt=\"\" \/><\/a>\n\t\t\t<\/dt><\/dl><dl class='gallery-item'>\n\t\t\t<dt class='gallery-icon portrait'>\n\t\t\t\t<a href='https:\/\/www.ambiente-vita.it\/?attachment_id=2788'><img loading=\"lazy\" decoding=\"async\" width=\"150\" height=\"150\" src=\"https:\/\/www.ambiente-vita.it\/wp-content\/uploads\/2021\/01\/Oss1-1-150x150.jpeg\" class=\"attachment-thumbnail size-thumbnail\" alt=\"\" \/><\/a>\n\t\t\t<\/dt><\/dl><br style=\"clear: both\" \/>\n\t\t<\/div>\n\n<p><strong><span style=\"font-size: 14pt;\">04\/01\/2021 &#8211; da &#8220;Gazzetta di Mantova&#8221;<\/span><\/strong><\/p>\n<div id='gallery-10' class='gallery galleryid-2378 gallery-columns-3 gallery-size-thumbnail'><dl class='gallery-item'>\n\t\t\t<dt class='gallery-icon portrait'>\n\t\t\t\t<a href='https:\/\/www.ambiente-vita.it\/?attachment_id=2943'><img loading=\"lazy\" decoding=\"async\" width=\"150\" height=\"150\" src=\"https:\/\/www.ambiente-vita.it\/wp-content\/uploads\/2021\/01\/a0f75640-c11e-42d8-962d-74ba5434c6ef-150x150.jpg\" class=\"attachment-thumbnail size-thumbnail\" alt=\"\" \/><\/a>\n\t\t\t<\/dt><\/dl><dl class='gallery-item'>\n\t\t\t<dt class='gallery-icon landscape'>\n\t\t\t\t<a href='https:\/\/www.ambiente-vita.it\/?attachment_id=2944'><img loading=\"lazy\" decoding=\"async\" width=\"150\" height=\"150\" src=\"https:\/\/www.ambiente-vita.it\/wp-content\/uploads\/2021\/01\/ef446210-c77c-43eb-9559-687d5fbeb1ef-150x150.jpg\" class=\"attachment-thumbnail size-thumbnail\" alt=\"\" \/><\/a>\n\t\t\t<\/dt><\/dl><dl class='gallery-item'>\n\t\t\t<dt class='gallery-icon portrait'>\n\t\t\t\t<a href='https:\/\/www.ambiente-vita.it\/?attachment_id=2945'><img loading=\"lazy\" decoding=\"async\" width=\"150\" height=\"150\" src=\"https:\/\/www.ambiente-vita.it\/wp-content\/uploads\/2021\/01\/da14a7e2-6140-43a0-8790-0787a977b6fc-150x150.jpg\" class=\"attachment-thumbnail size-thumbnail\" alt=\"\" \/><\/a>\n\t\t\t<\/dt><\/dl><br style=\"clear: both\" \/>\n\t\t<\/div>\n\n<p><span style=\"font-size: 14pt;\"><strong>30\/12\/2020 &#8211; 04\/01\/2021 da &#8220;MantovaUNO&#8221;\u00a0 e &#8220;Gazzetta di Mantova&#8221;<\/strong><\/span><\/p>\n<div id='gallery-11' class='gallery galleryid-2378 gallery-columns-3 gallery-size-thumbnail'><dl class='gallery-item'>\n\t\t\t<dt class='gallery-icon landscape'>\n\t\t\t\t<a href='https:\/\/www.ambiente-vita.it\/?attachment_id=2950'><img loading=\"lazy\" decoding=\"async\" width=\"102\" height=\"99\" src=\"https:\/\/www.ambiente-vita.it\/wp-content\/uploads\/2021\/01\/Schermata-2021-01-22-alle-16.57.34.png\" class=\"attachment-thumbnail size-thumbnail\" alt=\"\" \/><\/a>\n\t\t\t<\/dt><\/dl><dl class='gallery-item'>\n\t\t\t<dt class='gallery-icon landscape'>\n\t\t\t\t<a href='https:\/\/www.ambiente-vita.it\/?attachment_id=2951'><img loading=\"lazy\" decoding=\"async\" width=\"102\" height=\"99\" src=\"https:\/\/www.ambiente-vita.it\/wp-content\/uploads\/2021\/01\/Schermata-2021-01-22-alle-16.56.51.png\" class=\"attachment-thumbnail size-thumbnail\" alt=\"\" \/><\/a>\n\t\t\t<\/dt><\/dl>\n\t\t\t<br style='clear: both' \/>\n\t\t<\/div>\n\n<p>Segui i Link &#8211;\u00a0<a href=\"https:\/\/gazzettadimantova.gelocal.it\/mantova\/cronaca\/2021\/01\/04\/news\/il-pd-si-smarca-da-forattini-il-suo-no-e-a-titolo-personale-1.39732325\" target=\"_blank\" rel=\"noopener\">https:\/\/gazzettadimantova.gelocal.it\/mantova\/cronaca\/2021\/01\/04\/news\/il-pd-si-smarca-da-forattini-il-suo-no-e-a-titolo-personale-1.39732325<\/a><\/p>\n<p><a href=\"https:\/\/mantovauno.it\/cronaca\/no-al-raddoppio-della-centrale-di-ostiglia-lo-chiedono-pd-e-m5s-a-regione-provincia-e-comune\/\" target=\"_blank\" rel=\"noopener\">https:\/\/mantovauno.it\/cronaca\/no-al-raddoppio-della-centrale-di-ostiglia-lo-chiedono-pd-e-m5s-a-regione-provincia-e-comune\/<\/a><\/p>\n<p><span style=\"font-size: 14pt;\">Il Progetto\u00a0 <\/span><\/p>\n<p><span style=\"font-size: 14pt;\">Segui il link_<a href=\"https:\/\/www.ambiente-vita.it\/raddoppio-centrale-ostiglia\/037os00077_-_snt\/\" rel=\"attachment wp-att-2979\">037OS00077_-_SNT<\/a><\/span><\/p>\n<p><strong><span style=\"font-size: 14pt;\">25\/07\/2020 &#8211; da &#8220;Gazzetta di Mantova&#8221;<\/span><\/strong><\/p>\n<p><a href=\"https:\/\/www.ambiente-vita.it\/raddoppio-centrale-ostiglia\/img-20200725-wa0003\/\" rel=\"attachment wp-att-3268\"><img loading=\"lazy\" decoding=\"async\" class=\"aligncenter size-thumbnail wp-image-3268\" src=\"https:\/\/www.ambiente-vita.it\/wp-content\/uploads\/2021\/01\/IMG-20200725-WA0003-150x150.jpg\" alt=\"\" width=\"150\" height=\"150\" \/><\/a><\/p>\n<p>\u00a0<\/p>\n<p><strong><span style=\"font-size: 14pt;\">24\/07\/2020 &#8211; da &#8220;Gazzetta di Mantova&#8221;<\/span><\/strong><\/p>\n<p><a href=\"https:\/\/www.ambiente-vita.it\/raddoppio-centrale-ostiglia\/img-20200724-wa0000\/\" rel=\"attachment wp-att-3265\"><img loading=\"lazy\" decoding=\"async\" class=\"aligncenter size-thumbnail wp-image-3265\" src=\"https:\/\/www.ambiente-vita.it\/wp-content\/uploads\/2021\/01\/IMG-20200724-WA0000-150x150.jpg\" alt=\"\" width=\"150\" height=\"150\" \/><\/a><\/p>\n","protected":false},"excerpt":{"rendered":"","protected":false},"author":1,"featured_media":0,"parent":0,"menu_order":0,"comment_status":"closed","ping_status":"closed","template":"","meta":{"jetpack_post_was_ever_published":false,"footnotes":""},"class_list":["post-2378","page","type-page","status-publish","hentry"],"jetpack_sharing_enabled":true,"jetpack_shortlink":"https:\/\/wp.me\/P8nWBG-Cm","_links":{"self":[{"href":"https:\/\/www.ambiente-vita.it\/index.php?rest_route=\/wp\/v2\/pages\/2378","targetHints":{"allow":["GET"]}}],"collection":[{"href":"https:\/\/www.ambiente-vita.it\/index.php?rest_route=\/wp\/v2\/pages"}],"about":[{"href":"https:\/\/www.ambiente-vita.it\/index.php?rest_route=\/wp\/v2\/types\/page"}],"author":[{"embeddable":true,"href":"https:\/\/www.ambiente-vita.it\/index.php?rest_route=\/wp\/v2\/users\/1"}],"replies":[{"embeddable":true,"href":"https:\/\/www.ambiente-vita.it\/index.php?rest_route=%2Fwp%2Fv2%2Fcomments&post=2378"}],"version-history":[{"count":51,"href":"https:\/\/www.ambiente-vita.it\/index.php?rest_route=\/wp\/v2\/pages\/2378\/revisions"}],"predecessor-version":[{"id":3565,"href":"https:\/\/www.ambiente-vita.it\/index.php?rest_route=\/wp\/v2\/pages\/2378\/revisions\/3565"}],"wp:attachment":[{"href":"https:\/\/www.ambiente-vita.it\/index.php?rest_route=%2Fwp%2Fv2%2Fmedia&parent=2378"}],"curies":[{"name":"wp","href":"https:\/\/api.w.org\/{rel}","templated":true}]}}