{"id":1151,"date":"2018-07-02T16:31:08","date_gmt":"2018-07-02T14:31:08","guid":{"rendered":"http:\/\/www.ambiente-vita.it\/?page_id=1151"},"modified":"2021-04-12T09:47:48","modified_gmt":"2021-04-12T07:47:48","slug":"no-biometano-borgo-mantovano","status":"publish","type":"page","link":"https:\/\/www.ambiente-vita.it\/?page_id=1151","title":{"rendered":"No Biometano Borgo Mantovano"},"content":{"rendered":"<p><span style=\"color: #000000;\"><strong><span style=\"font-size: 14pt;\"><span style=\"color: #000000;\">12\/04\/2021 da &#8220;Gazzetta di Mantova&#8221;<\/span><\/span><\/strong><\/span><\/p>\n<p><a href=\"https:\/\/www.ambiente-vita.it\/homepage\/05f27129-3365-4d1d-afe0-f1b881af8b04-1\/\" rel=\"attachment wp-att-3404\"><img loading=\"lazy\" decoding=\"async\" class=\"aligncenter  wp-image-3404\" src=\"https:\/\/www.ambiente-vita.it\/wp-content\/uploads\/2021\/04\/05f27129-3365-4d1d-afe0-f1b881af8b04-1-150x150.jpg\" alt=\"\" width=\"222\" height=\"222\" \/><\/a><\/p>\n<p><span style=\"color: #000000;\"><strong><span style=\"font-size: 14pt;\"><span style=\"color: #000000;\">18\/01\/2021 &#8211; L&#8217;inquinamento soffoca il futuro.<\/span><\/span><\/strong><\/span><\/p>\n<p>Segui il link &#8211;\u00a0<a href=\"https:\/\/www.facebook.com\/568212286562800\/posts\/3720138994703431\/\" target=\"_blank\" rel=\"noopener\">https:\/\/www.facebook.com\/568212286562800\/posts\/3720138994703431\/<\/a><\/p>\n<p><span style=\"color: #000000;\"><strong><span style=\"font-size: 14pt;\"><span style=\"color: #000000;\">14\/12\/2020 &#8211; da &#8220;Voce di Mantova&#8221;<\/span><\/span><\/strong><\/span><\/p>\n<p><a href=\"https:\/\/www.ambiente-vita.it\/no-biometano-borgo-mantovano\/tristezze-natalizie-sotto-albero-14-dic20\/\" rel=\"attachment wp-att-2802\"><img loading=\"lazy\" decoding=\"async\" class=\"aligncenter  wp-image-2802\" src=\"https:\/\/www.ambiente-vita.it\/wp-content\/uploads\/2021\/01\/Tristezze-natalizie-sotto-albero-14-dic20-48x300.jpg\" alt=\"\" width=\"113\" height=\"706\" \/><\/a><\/p>\n<p><span style=\"color: #000000;\"><strong><span style=\"font-size: 14pt;\"><span style=\"color: #000000;\">05\/06\/2019 da &#8220;Gazzetta di Mantova&#8221;<\/span><a href=\"https:\/\/www.ambiente-vita.it\/wp-content\/uploads\/2019\/06\/Centrali.jpg\"><img loading=\"lazy\" decoding=\"async\" class=\"aligncenter  wp-image-1929\" src=\"https:\/\/www.ambiente-vita.it\/wp-content\/uploads\/2019\/06\/Centrali-151x300.jpg\" alt=\"\" width=\"285\" height=\"566\" \/><\/a><\/span><\/strong><\/span><\/p>\n<p><strong><span style=\"font-size: 14pt;\">Roma 20 Gennaio 2019 \u00a0&#8211; Documento incontro comitati lombardi e\u00a0Ministro Costa\u00a0 <span style=\"font-size: 10pt; color: #ff0000;\">\u00a0(Segui il link) &#8211;\u00a0<\/span><\/span><\/strong><a href=\"https:\/\/www.ambiente-vita.it\/wp-content\/uploads\/2019\/02\/NotaPerMinistroIncontro-RM-20Genn2019.pdf\">NotaPerMinistroIncontro RM 20Genn2019<\/a><a href=\"https:\/\/www.ambiente-vita.it\/wp-content\/uploads\/2019\/06\/161b6134-082b-468f-8226-c28cd83886d3.jpg\"><img loading=\"lazy\" decoding=\"async\" class=\"aligncenter  wp-image-1932\" src=\"https:\/\/www.ambiente-vita.it\/wp-content\/uploads\/2019\/06\/161b6134-082b-468f-8226-c28cd83886d3-219x300.jpg\" alt=\"\" width=\"312\" height=\"427\" srcset=\"https:\/\/www.ambiente-vita.it\/wp-content\/uploads\/2019\/06\/161b6134-082b-468f-8226-c28cd83886d3-219x300.jpg 219w, https:\/\/www.ambiente-vita.it\/wp-content\/uploads\/2019\/06\/161b6134-082b-468f-8226-c28cd83886d3.jpg 721w\" sizes=\"auto, (max-width: 312px) 100vw, 312px\" \/><\/a><\/p>\n<p>Segui questo link con i pi\u00f9 sinceri auguri da parte nostra: &#8211;<a href=\"https:\/\/www.facebook.com\/ambiente.vita.779\/videos\/218797942331209\/\" target=\"_blank\" rel=\"noopener noreferrer\">https:\/\/www.facebook.com\/ambiente.vita.779\/videos\/218797942331209\/<\/a><\/p>\n<p><span style=\"font-size: large;\"><span style=\"font-weight: 600;\">\u00a0<\/span><\/span><span style=\"color: #ff9900; font-size: 10pt;\">\u00a0<\/span><strong><span style=\"font-size: 14pt;\">26\/09\/2018 La risposta del comune di Borgo Mantovano<\/span><\/strong><\/p>\n<p><a href=\"https:\/\/www.ambiente-vita.it\/no-biometano-borgo-mantovano\/aldina-2\/\" rel=\"attachment wp-att-2603\"><img loading=\"lazy\" decoding=\"async\" class=\"aligncenter size-medium wp-image-2603\" src=\"https:\/\/www.ambiente-vita.it\/wp-content\/uploads\/2021\/01\/Aldina-219x300.jpeg\" alt=\"\" width=\"219\" height=\"300\" srcset=\"https:\/\/www.ambiente-vita.it\/wp-content\/uploads\/2021\/01\/Aldina-219x300.jpeg 219w, https:\/\/www.ambiente-vita.it\/wp-content\/uploads\/2021\/01\/Aldina.jpeg 637w\" sizes=\"auto, (max-width: 219px) 100vw, 219px\" \/><\/a><\/p>\n<p><span style=\"font-size: 14pt;\"><strong><a href=\"https:\/\/www.ambiente-vita.it\/no-biometano-borgo-mantovano\/aldina1-2\/\" rel=\"attachment wp-att-2605\"><img loading=\"lazy\" decoding=\"async\" class=\"aligncenter size-medium wp-image-2605\" src=\"https:\/\/www.ambiente-vita.it\/wp-content\/uploads\/2021\/01\/Aldina1-218x300.jpeg\" alt=\"\" width=\"218\" height=\"300\" srcset=\"https:\/\/www.ambiente-vita.it\/wp-content\/uploads\/2021\/01\/Aldina1-218x300.jpeg 218w, https:\/\/www.ambiente-vita.it\/wp-content\/uploads\/2021\/01\/Aldina1.jpeg 637w\" sizes=\"auto, (max-width: 218px) 100vw, 218px\" \/><\/a><\/strong><\/span><span style=\"font-size: 14pt;\"><strong>09\/07\/2018 &#8211; NO BIOMETANO LETTERA\u00a0AL CONSIGLIO COMUNALE DI BORGO MANTOVANO DEL 09-07-2018&#8230;&#8230;<\/strong> \u00a0<span style=\"font-size: 10pt; color: #ff0000;\">(segui il link)<\/span><\/span><\/p>\n<p><a href=\"https:\/\/www.ambiente-vita.it\/wp-content\/uploads\/2018\/07\/NO-BIOMETANO-LETTERA-AL-CONSIGLIO-COMUNALE-DEL-9-7-18-1.pdf\">NO BIOMETANO LuETTERA AL CONSIGLIO COMUNALE DEL 9-7-18<\/a><\/p>\n<p><span style=\"font-size: 14pt;\"><strong>\u00a0<\/strong><\/span><\/p>\n<div class=\"page\" title=\"Page 1\">\n<div class=\"layoutArea\">\n<p><span style=\"font-size: small;\"><span style=\"font-weight: 600;\">\u00a0<\/span><\/span><\/p>\n<\/div>\n<\/div>\n<p><span style=\"font-size: 14pt;\"><span style=\"font-weight: 600;\">\u00a0<\/span><strong>Le conclusioni\u00a0dei relatori<\/strong><\/span><\/p>\n<p><strong>Revere, Borgo Mantovano: tre impianti per biogas e Forsu in pochi chilometri.<\/strong><\/p>\n<p>Siamo a Revere, Borgo mantovano, in una assemblea partecipatissima e bellissima. Di rado si assiste ad un\u2019assemblea cos\u00ec piena di Sindaci e Amministratori pubblici.<br \/>\nCon\u00a0<a class=\"profileLink\" href=\"https:\/\/www.facebook.com\/attilio.bonetta.9?fref=mentions\" data-hovercard=\"\/ajax\/hovercard\/user.php?id=100007085167574&amp;extragetparams=%7B%22fref%22%3A%22mentions%22%7D\" data-hovercard-prefer-more-content-show=\"1\">Attilio Bonetta<\/a>\u00a0abbiamo offerto un modesto contributo per vivacizzare la serata, spiegando i pericoli e il business degli impianti di biogas e spandimento del digestato sui campi agricoli. Serata molto ben riuscita, organizzata dai Comitati della zona, GAETA, No discarica Torretta, No Biometano Magnacavallo, Associazione Ambiente e Vita Onlus, con\u00a0<a class=\"profileLink\" href=\"https:\/\/www.facebook.com\/maura.cappi?fref=mentions\" data-hovercard=\"\/ajax\/hovercard\/user.php?id=100016189987886&amp;extragetparams=%7B%22fref%22%3A%22mentions%22%7D\" data-hovercard-prefer-more-content-show=\"1\">Maura Cappi<\/a>\u00a0e molte volontarie e volontari. Presenti, come sempre, Laboratorio Ambiente, Gaia Onlus e Parco Visconteo. Presente anche il Consigliere regionale Andrea Fiasconaro. La zona , a vocazione turistica e agricola di qualit\u00e0, ha un ospedale che si vorrebbe interegionale (siamo al confine tra Lombardia, Veneto ed Emilia Romagna), \u00e8 candidata patrimonio Unesco e si sta riempiendo di bombe ecologiche e impianti insalubri di prima caregoria. Contraddizioni : o fai l\u2019eccellenza o fai da discarica d\u2019Italia!<\/p>\n<p class=\"jetpack-slideshow-noscript robots-nocontent\">Questo slideshow richiede JavaScript.<\/p><div id=\"gallery-1151-1-slideshow\" class=\"jetpack-slideshow-window jetpack-slideshow jetpack-slideshow-black\" data-trans=\"fade\" data-autostart=\"1\" data-gallery=\"[{&quot;src&quot;:&quot;https:\\\/\\\/www.ambiente-vita.it\\\/wp-content\\\/uploads\\\/2018\\\/07\\\/e4c8e9df-f50f-4af9-888a-3400812e1270.jpg&quot;,&quot;id&quot;:&quot;1195&quot;,&quot;title&quot;:&quot;e4c8e9df-f50f-4af9-888a-3400812e1270&quot;,&quot;alt&quot;:&quot;&quot;,&quot;caption&quot;:&quot;&quot;,&quot;itemprop&quot;:&quot;image&quot;},{&quot;src&quot;:&quot;https:\\\/\\\/www.ambiente-vita.it\\\/wp-content\\\/uploads\\\/2018\\\/07\\\/5e450637-092d-4bb8-a688-e60833808060.jpg&quot;,&quot;id&quot;:&quot;1194&quot;,&quot;title&quot;:&quot;5e450637-092d-4bb8-a688-e60833808060&quot;,&quot;alt&quot;:&quot;&quot;,&quot;caption&quot;:&quot;&quot;,&quot;itemprop&quot;:&quot;image&quot;},{&quot;src&quot;:&quot;https:\\\/\\\/www.ambiente-vita.it\\\/wp-content\\\/uploads\\\/2018\\\/06\\\/36379002_10216449477500583_356314202022871040_n.jpg&quot;,&quot;id&quot;:&quot;1137&quot;,&quot;title&quot;:&quot;36379002_10216449477500583_356314202022871040_n&quot;,&quot;alt&quot;:&quot;&quot;,&quot;caption&quot;:&quot;&quot;,&quot;itemprop&quot;:&quot;image&quot;},{&quot;src&quot;:&quot;https:\\\/\\\/www.ambiente-vita.it\\\/wp-content\\\/uploads\\\/2018\\\/06\\\/36322752_10216449476740564_3256046429726048256_n.jpg&quot;,&quot;id&quot;:&quot;1131&quot;,&quot;title&quot;:&quot;36322752_10216449476740564_3256046429726048256_n&quot;,&quot;alt&quot;:&quot;&quot;,&quot;caption&quot;:&quot;&quot;,&quot;itemprop&quot;:&quot;image&quot;},{&quot;src&quot;:&quot;https:\\\/\\\/www.ambiente-vita.it\\\/wp-content\\\/uploads\\\/2018\\\/06\\\/36356983_10216449477140574_606293934443855872_n.jpg&quot;,&quot;id&quot;:&quot;1135&quot;,&quot;title&quot;:&quot;36356983_10216449477140574_606293934443855872_n&quot;,&quot;alt&quot;:&quot;&quot;,&quot;caption&quot;:&quot;&quot;,&quot;itemprop&quot;:&quot;image&quot;},{&quot;src&quot;:&quot;https:\\\/\\\/www.ambiente-vita.it\\\/wp-content\\\/uploads\\\/2018\\\/06\\\/36325855_10216449473140474_8783524741014093824_n.jpg&quot;,&quot;id&quot;:&quot;1132&quot;,&quot;title&quot;:&quot;36325855_10216449473140474_8783524741014093824_n&quot;,&quot;alt&quot;:&quot;&quot;,&quot;caption&quot;:&quot;&quot;,&quot;itemprop&quot;:&quot;image&quot;},{&quot;src&quot;:&quot;https:\\\/\\\/www.ambiente-vita.it\\\/wp-content\\\/uploads\\\/2018\\\/06\\\/36338159_10216449475060522_5883284092262285312_n.jpg&quot;,&quot;id&quot;:&quot;1133&quot;,&quot;title&quot;:&quot;36338159_10216449475060522_5883284092262285312_n&quot;,&quot;alt&quot;:&quot;&quot;,&quot;caption&quot;:&quot;&quot;,&quot;itemprop&quot;:&quot;image&quot;},{&quot;src&quot;:&quot;https:\\\/\\\/www.ambiente-vita.it\\\/wp-content\\\/uploads\\\/2018\\\/06\\\/36350571_10216449472580460_6886189261167525888_n.jpg&quot;,&quot;id&quot;:&quot;1134&quot;,&quot;title&quot;:&quot;36350571_10216449472580460_6886189261167525888_n&quot;,&quot;alt&quot;:&quot;&quot;,&quot;caption&quot;:&quot;&quot;,&quot;itemprop&quot;:&quot;image&quot;},{&quot;src&quot;:&quot;https:\\\/\\\/www.ambiente-vita.it\\\/wp-content\\\/uploads\\\/2018\\\/06\\\/36312804_10216449474380505_2038505003257167872_n.jpg&quot;,&quot;id&quot;:&quot;1130&quot;,&quot;title&quot;:&quot;36312804_10216449474380505_2038505003257167872_n&quot;,&quot;alt&quot;:&quot;&quot;,&quot;caption&quot;:&quot;&quot;,&quot;itemprop&quot;:&quot;image&quot;},{&quot;src&quot;:&quot;https:\\\/\\\/www.ambiente-vita.it\\\/wp-content\\\/uploads\\\/2018\\\/06\\\/36301782_10216449475420531_461287965855842304_n.jpg&quot;,&quot;id&quot;:&quot;1129&quot;,&quot;title&quot;:&quot;36301782_10216449475420531_461287965855842304_n&quot;,&quot;alt&quot;:&quot;&quot;,&quot;caption&quot;:&quot;&quot;,&quot;itemprop&quot;:&quot;image&quot;},{&quot;src&quot;:&quot;https:\\\/\\\/www.ambiente-vita.it\\\/wp-content\\\/uploads\\\/2018\\\/06\\\/36298430_10216449473580485_321440583702806528_n.jpg&quot;,&quot;id&quot;:&quot;1128&quot;,&quot;title&quot;:&quot;36298430_10216449473580485_321440583702806528_n&quot;,&quot;alt&quot;:&quot;&quot;,&quot;caption&quot;:&quot;&quot;,&quot;itemprop&quot;:&quot;image&quot;},{&quot;src&quot;:&quot;https:\\\/\\\/www.ambiente-vita.it\\\/wp-content\\\/uploads\\\/2018\\\/06\\\/36298422_10216449471340429_5825567269471649792_n.jpg&quot;,&quot;id&quot;:&quot;1127&quot;,&quot;title&quot;:&quot;36298422_10216449471340429_5825567269471649792_n&quot;,&quot;alt&quot;:&quot;&quot;,&quot;caption&quot;:&quot;&quot;,&quot;itemprop&quot;:&quot;image&quot;},{&quot;src&quot;:&quot;https:\\\/\\\/www.ambiente-vita.it\\\/wp-content\\\/uploads\\\/2018\\\/06\\\/36275772_10216449476020546_6565988338170331136_n.jpg&quot;,&quot;id&quot;:&quot;1124&quot;,&quot;title&quot;:&quot;36275772_10216449476020546_6565988338170331136_n&quot;,&quot;alt&quot;:&quot;&quot;,&quot;caption&quot;:&quot;&quot;,&quot;itemprop&quot;:&quot;image&quot;},{&quot;src&quot;:&quot;https:\\\/\\\/www.ambiente-vita.it\\\/wp-content\\\/uploads\\\/2018\\\/06\\\/36283343_10216449476420556_6241568971309449216_n.jpg&quot;,&quot;id&quot;:&quot;1125&quot;,&quot;title&quot;:&quot;36283343_10216449476420556_6241568971309449216_n&quot;,&quot;alt&quot;:&quot;&quot;,&quot;caption&quot;:&quot;&quot;,&quot;itemprop&quot;:&quot;image&quot;},{&quot;src&quot;:&quot;https:\\\/\\\/www.ambiente-vita.it\\\/wp-content\\\/uploads\\\/2018\\\/06\\\/36294281_10216449471940444_6214942136874303488_n.jpg&quot;,&quot;id&quot;:&quot;1126&quot;,&quot;title&quot;:&quot;36294281_10216449471940444_6214942136874303488_n&quot;,&quot;alt&quot;:&quot;&quot;,&quot;caption&quot;:&quot;&quot;,&quot;itemprop&quot;:&quot;image&quot;}]\" itemscope itemtype=\"https:\/\/schema.org\/ImageGallery\"><\/div>\n<p><span style=\"font-size: 14pt;\"><strong>Intervento del comitatoTerre Nostre Torretta \u2013 \u00a0No!!! alla Discarica di Torretta<\/strong><\/span><\/p>\n<p><a href=\"https:\/\/www.facebook.com\/modesto.modena\/videos\/10213678448573432\/\" target=\"_blank\" rel=\"noopener noreferrer\">https:\/\/www.facebook.com\/modesto.modena\/videos\/10213678448573432\/<\/a><\/p>\n<h1><a href=\"https:\/\/www.ambiente-vita.it\/wp-content\/uploads\/2018\/07\/image.jpg\"><img loading=\"lazy\" decoding=\"async\" class=\"alignleft size-medium wp-image-1168\" src=\"https:\/\/www.ambiente-vita.it\/wp-content\/uploads\/2018\/07\/image-300x169.jpg\" alt=\"\" width=\"300\" height=\"169\" srcset=\"https:\/\/www.ambiente-vita.it\/wp-content\/uploads\/2018\/07\/image-300x169.jpg 300w, https:\/\/www.ambiente-vita.it\/wp-content\/uploads\/2018\/07\/image.jpg 558w\" sizes=\"auto, (max-width: 300px) 100vw, 300px\" \/><\/a><\/h1>\n<h1><span style=\"font-size: 14pt;\">Serata calda sul biometano, fronte comune dei sindaci: \u00abContrari agli impianti\u00bb<\/span><\/h1>\n<h1><span style=\"font-size: 10pt; color: #ff0000;\">(segui il Link)<\/span><\/h1>\n<p><a href=\"http:\/\/gazzettadimantova.gelocal.it\/mantova\/cronaca\/2018\/06\/30\/news\/serata-calda-sul-biometano-fronte-comune-dei-sindaci-contrari-agli-impianti-1.17016877\" target=\"_blank\" rel=\"noopener noreferrer\">http:\/\/gazzettadimantova.gelocal.it\/mantova\/cronaca\/2018\/06\/30\/news\/serata-calda-sul-biometano-fronte-comune-dei-sindaci-contrari-agli-impianti-1.17016877<\/a><\/p>\n<p><span style=\"font-size: 14pt;\"><strong>Il Sito Biometano Revere<\/strong><\/span><\/p>\n<p><strong>In questa terra la natura deve rimanere come la vediamo oggi \u00a0NO BIOMETANO BORGO MANTOVANO<\/strong><\/p>\n<p><a href=\"https:\/\/www.facebook.com\/ambiente.vita.779\/videos\/141095120101492\/\" target=\"_blank\" rel=\"noopener noreferrer\">https:\/\/www.facebook.com\/ambiente.vita.779\/videos\/141095120101492\/<\/a><\/p>\n<p><img loading=\"lazy\" decoding=\"async\" class=\"alignleft size-medium wp-image-1375\" src=\"https:\/\/www.ambiente-vita.it\/wp-content\/uploads\/2018\/10\/Sito-Biometano-300x222.jpg\" alt=\"\" width=\"300\" height=\"222\" srcset=\"https:\/\/www.ambiente-vita.it\/wp-content\/uploads\/2018\/10\/Sito-Biometano-300x222.jpg 300w, https:\/\/www.ambiente-vita.it\/wp-content\/uploads\/2018\/10\/Sito-Biometano-768x567.jpg 768w, https:\/\/www.ambiente-vita.it\/wp-content\/uploads\/2018\/10\/Sito-Biometano.jpg 800w\" sizes=\"auto, (max-width: 300px) 100vw, 300px\" \/><\/p>\n<p><a href=\"https:\/\/www.ambiente-vita.it\/wp-content\/uploads\/2018\/07\/36575276_141275956750075_6797344293531942912_n.jpg\"><img loading=\"lazy\" decoding=\"async\" class=\"alignleft wp-image-1377\" src=\"https:\/\/www.ambiente-vita.it\/wp-content\/uploads\/2018\/10\/IMG-20180915-WA0003-300x173.jpg\" alt=\"\" width=\"378\" height=\"218\" srcset=\"https:\/\/www.ambiente-vita.it\/wp-content\/uploads\/2018\/10\/IMG-20180915-WA0003-300x173.jpg 300w, https:\/\/www.ambiente-vita.it\/wp-content\/uploads\/2018\/10\/IMG-20180915-WA0003-768x443.jpg 768w, https:\/\/www.ambiente-vita.it\/wp-content\/uploads\/2018\/10\/IMG-20180915-WA0003-1024x590.jpg 1024w, https:\/\/www.ambiente-vita.it\/wp-content\/uploads\/2018\/10\/IMG-20180915-WA0003-956x551.jpg 956w, https:\/\/www.ambiente-vita.it\/wp-content\/uploads\/2018\/10\/IMG-20180915-WA0003.jpg 1600w\" sizes=\"auto, (max-width: 378px) 100vw, 378px\" \/><\/a><\/p>\n<p><a href=\"https:\/\/www.ambiente-vita.it\/wp-content\/uploads\/2018\/07\/36575276_141275956750075_6797344293531942912_n.jpg\"><img loading=\"lazy\" decoding=\"async\" class=\"wp-image-1171 aligncenter\" src=\"https:\/\/www.ambiente-vita.it\/wp-content\/uploads\/2018\/07\/36575276_141275956750075_6797344293531942912_n-300x151.jpg\" alt=\"\" width=\"563\" height=\"283\" srcset=\"https:\/\/www.ambiente-vita.it\/wp-content\/uploads\/2018\/07\/36575276_141275956750075_6797344293531942912_n-300x151.jpg 300w, https:\/\/www.ambiente-vita.it\/wp-content\/uploads\/2018\/07\/36575276_141275956750075_6797344293531942912_n-768x387.jpg 768w, https:\/\/www.ambiente-vita.it\/wp-content\/uploads\/2018\/07\/36575276_141275956750075_6797344293531942912_n.jpg 934w\" sizes=\"auto, (max-width: 563px) 100vw, 563px\" \/><\/a><\/p>\n<p><a href=\"https:\/\/www.ambiente-vita.it\/wp-content\/uploads\/2018\/07\/36561589_606994493012329_3089695513059000320_n.jpg\"><img loading=\"lazy\" decoding=\"async\" class=\"alignleft wp-image-1202\" src=\"https:\/\/www.ambiente-vita.it\/wp-content\/uploads\/2018\/07\/36561589_606994493012329_3089695513059000320_n-209x300.jpg\" alt=\"\" width=\"425\" height=\"610\" srcset=\"https:\/\/www.ambiente-vita.it\/wp-content\/uploads\/2018\/07\/36561589_606994493012329_3089695513059000320_n-209x300.jpg 209w, https:\/\/www.ambiente-vita.it\/wp-content\/uploads\/2018\/07\/36561589_606994493012329_3089695513059000320_n.jpg 669w\" sizes=\"auto, (max-width: 425px) 100vw, 425px\" \/><\/a><\/p>\n<p><span style=\"font-size: 14pt;\"><strong>Biometano a Borgo Mantovano. Continua l\u2019impegno civico a difesa del territorio e dei cittadini. Ribadiamo che la corretta informazione e la nostra salute non hanno prezzo.<\/strong><\/span><\/p>\n<p><span style=\"font-size: 12pt;\"><strong>VERBALE COMMISSIONE AMBIENTE CONSORZIO OLTREPO\u00a0MANTOVANO<\/strong><\/span><\/p>\n<p><span style=\"color: #ff0000;\">(segui il link) \u00a0 \u00a0\u00a0<a href=\"https:\/\/www.ambiente-vita.it\/wp-content\/uploads\/2018\/07\/Verbale-1.pdf\">Verbale<\/a><\/span><\/p>\n<p><img loading=\"lazy\" decoding=\"async\" class=\"alignleft size-medium wp-image-1181\" src=\"https:\/\/www.ambiente-vita.it\/wp-content\/uploads\/2018\/07\/29f13be8-87f1-4545-ba79-e72c9b855903-300x188.jpg\" alt=\"\" width=\"300\" height=\"188\" srcset=\"https:\/\/www.ambiente-vita.it\/wp-content\/uploads\/2018\/07\/29f13be8-87f1-4545-ba79-e72c9b855903-300x188.jpg 300w, https:\/\/www.ambiente-vita.it\/wp-content\/uploads\/2018\/07\/29f13be8-87f1-4545-ba79-e72c9b855903-768x480.jpg 768w, https:\/\/www.ambiente-vita.it\/wp-content\/uploads\/2018\/07\/29f13be8-87f1-4545-ba79-e72c9b855903-1024x640.jpg 1024w, https:\/\/www.ambiente-vita.it\/wp-content\/uploads\/2018\/07\/29f13be8-87f1-4545-ba79-e72c9b855903-956x598.jpg 956w, https:\/\/www.ambiente-vita.it\/wp-content\/uploads\/2018\/07\/29f13be8-87f1-4545-ba79-e72c9b855903.jpg 1280w\" sizes=\"auto, (max-width: 300px) 100vw, 300px\" \/><\/p>\n<p><img loading=\"lazy\" decoding=\"async\" class=\"alignleft size-medium wp-image-1074\" src=\"https:\/\/www.ambiente-vita.it\/wp-content\/uploads\/2018\/06\/No-Biometano-219x300.jpg\" alt=\"\" width=\"219\" height=\"300\" srcset=\"https:\/\/www.ambiente-vita.it\/wp-content\/uploads\/2018\/06\/No-Biometano-219x300.jpg 219w, https:\/\/www.ambiente-vita.it\/wp-content\/uploads\/2018\/06\/No-Biometano.jpg 455w\" sizes=\"auto, (max-width: 219px) 100vw, 219px\" \/><\/p>\n<p class=\"jetpack-slideshow-noscript robots-nocontent\">Questo slideshow richiede JavaScript.<\/p><div id=\"gallery-1151-2-slideshow\" class=\"jetpack-slideshow-window jetpack-slideshow jetpack-slideshow-black\" data-trans=\"fade\" data-autostart=\"1\" data-gallery=\"[{&quot;src&quot;:&quot;https:\\\/\\\/www.ambiente-vita.it\\\/wp-content\\\/uploads\\\/2018\\\/07\\\/53d84ac4-c6cd-4902-82d2-99fdf70c7c45.jpg&quot;,&quot;id&quot;:&quot;1177&quot;,&quot;title&quot;:&quot;53d84ac4-c6cd-4902-82d2-99fdf70c7c45&quot;,&quot;alt&quot;:&quot;&quot;,&quot;caption&quot;:&quot;&quot;,&quot;itemprop&quot;:&quot;image&quot;},{&quot;src&quot;:&quot;https:\\\/\\\/www.ambiente-vita.it\\\/wp-content\\\/uploads\\\/2018\\\/07\\\/c05a3d66-3779-4467-bd6b-68615a878953.jpg&quot;,&quot;id&quot;:&quot;1178&quot;,&quot;title&quot;:&quot;c05a3d66-3779-4467-bd6b-68615a878953&quot;,&quot;alt&quot;:&quot;&quot;,&quot;caption&quot;:&quot;&quot;,&quot;itemprop&quot;:&quot;image&quot;},{&quot;src&quot;:&quot;https:\\\/\\\/www.ambiente-vita.it\\\/wp-content\\\/uploads\\\/2018\\\/07\\\/e672da2f-db6a-4891-ae00-590be36fea20.jpg&quot;,&quot;id&quot;:&quot;1179&quot;,&quot;title&quot;:&quot;e672da2f-db6a-4891-ae00-590be36fea20&quot;,&quot;alt&quot;:&quot;&quot;,&quot;caption&quot;:&quot;&quot;,&quot;itemprop&quot;:&quot;image&quot;}]\" itemscope itemtype=\"https:\/\/schema.org\/ImageGallery\"><\/div>\n<p class=\"p1\" style=\"text-align: center;\"><b><span style=\"color: #008000; font-size: x-large;\"><span style=\"caret-color: #008000;\">\u00a0<img loading=\"lazy\" decoding=\"async\" class=\"wp-image-1025 alignleft\" src=\"https:\/\/www.ambiente-vita.it\/wp-content\/uploads\/2018\/06\/Senza-nome-1-200x300.jpg\" alt=\"\" width=\"243\" height=\"365\" srcset=\"https:\/\/www.ambiente-vita.it\/wp-content\/uploads\/2018\/06\/Senza-nome-1-200x300.jpg 200w, https:\/\/www.ambiente-vita.it\/wp-content\/uploads\/2018\/06\/Senza-nome-1-768x1155.jpg 768w, https:\/\/www.ambiente-vita.it\/wp-content\/uploads\/2018\/06\/Senza-nome-1-681x1024.jpg 681w, https:\/\/www.ambiente-vita.it\/wp-content\/uploads\/2018\/06\/Senza-nome-1-956x1437.jpg 956w, https:\/\/www.ambiente-vita.it\/wp-content\/uploads\/2018\/06\/Senza-nome-1.jpg 1579w\" sizes=\"auto, (max-width: 243px) 100vw, 243px\" \/><\/span><\/span><\/b><span style=\"font-size: 24pt;\"><strong><span style=\"color: #339966;\">Borgo Mantovano\u00a0terra di biogas?<\/span><\/strong><\/span><\/p>\n<p>Sul territorio comunale di Borgo Mantovano due nuovi progetti di impianti per la produzione di biometano da FORSU (frazione organica rifiuti solidi urbani):<\/p>\n<p>uno a <strong>Revere<\/strong>,dove nel 2017 la Soc.Revere Energia ha chiesto ed ottenuto l&#8217;autorizzazione alla riconversione a Forsu,per 36.000 tn\/anno, di una precedente autorizzazione di impianto biogas del 2012,che doveva essere costruito entro 1 anno ma di fatto mai realizzato;<\/p>\n<p>uno a <strong>Pieve di Coriano<\/strong>,dove la Soc.Mantova Ambiente ha in progetto un impianto per lavorare 40.000 tn\/anno di Forsu. Sempre nel comune di Borgo Mantovano, a <strong>Villa Poma<\/strong>,c&#8217;\u00e8 un impianto biogas attivo da alcuni anni.Tutti e tre gli impianti sono situati a 3 Km dall&#8217;Ospedale di Pieve.<\/p>\n<p>FORSU: il termine nasconde ben altro rispetto al solo organico,detto umido, della raccolta differenziata ma che pu\u00f2 comprendere anche molti altri possibili materiali quali scarti agro industriali, quelli legati al comparto carni,lattiero caseario,oliii etc&#8230;..Cosa verr\u00e0 usato in questi impianti? Da dove arriver\u00e0 questa Forsu considerata la quantit\u00e0 di impianti gi\u00e0 esistenti che utilizzeranno questo materiale?Molto probabilmente verr\u00e0 importata da altre regioni d&#8217;Italia,anche da quelle molto lontane del Sud Italia, con evidenti conseguenze di impatto ambientale e rischi legati al trasporto di rifiuti per lunghe distanze. Cosa ne sar\u00e0 del compost ottenuto dalla lavorazione del digestato (residuo della lavorazione biogas) mescolato con il verde degli sfalci? Su quali terreni agricoli verr\u00e0 sparso questo materiale? La nostra agricoltura e le nostre coltivazioni di prodotti tipici sono compatibili con questi materiali che dovranno essere sparsi sui terreni? Oppure dovranno essere trasportate in altri luoghi, con ulteriore inquinamento per il trasporto? Ricordiamo che diversi tipi di impianti biogas sono gi\u00e0 funzionanti nei paesi limitrofi quali ad esempio Ostiglia,Quingentole,Schivenoglia,Poggio Rusco,Sermide-Felonica, mentre un altro progetto di biometano da Forsu a Magnacavallo \u00e8 ora in fase di valutazione di impatto ambientale in Provincia; il comune si \u00e8 dichiarato contrario e ha invitato tutti i cittadini a informarsi e a dire No.<\/p>\n<p><strong><span style=\"font-size: 12pt;\">Informiamoci e diciamo NO a nuovi impianti biogas a Borgo Mantovano<\/span><\/strong> e alle scelte che hanno importanti conseguenze negative su territorio, ambiente e salute dei cittadini di oggi e delle generazioni future.Attenzione a quanto sta accadendo nel nostro Comune, si tratta di attivit\u00e0 classificate insalubri di prima classe.Sono impianti speculativi dovuti agli incentivi statali pagati con le bollette energetiche dei cittadini; ma si tratta veramente di produzioni di energia da\u00a0 fonti rinnovabili ? Biometano,biogas i nomi possono ingannare, in realt\u00e0 non hanno nulla di bio.<\/p>\n<p><strong>QUALI IMPATTI AMBIENTALI E SULLA SALUTE ?<\/strong> I dati parlano da soli\u00a0 :<\/p>\n<p>a) Numero di impianti sul territorio &#8211; b) Qualit\u00e0 di aria, acqua e suolo &#8211; c) Qualit\u00e0 della SALUTE dei cittadini\u00a0 e del territorio dagli sudi epidemiologici &#8211; d) Condizioni di viabilit\u00e0 &#8211; e) Impoverimento economico del territorio<\/p>\n<p><strong>A CHI GIOVA?\u00a0 POSSIAMO CONTINUARE AD ACCETTARE NUOVI IMPIANTI DANNOSI PER AMBIENTE E SALUTE NEL NOSTRO COMUNE ?\u00a0 IN NOME DI QUALE PROGRESSO ? QUAlE SVILUPPO PER BORGO MANTOVANO ?<\/strong><\/p>\n<p style=\"text-align: center;\"><span style=\"font-size: 18pt;\"><strong><span style=\"color: #339966;\">NO BIOMETANO\u00a0 BORGO MANTOVANO !!!<\/span><\/strong><\/span><\/p>\n<p class=\"p1\"><span style=\"font-size: 12pt;\"><strong>L\u2019impianto di Biometano a Pieve verso l\u2019iter autorizzativo<\/strong><\/span><\/p>\n<p>Tra i progetti che Tea ha in cantiere per il prossimo futuro c\u2019\u00e8 anche la produzione di biometano nel sito di Pieve di Coriano. \u00abTea \u2013 spiega il presidente Massimiliano Ghizzi \u2013 \u00e8 impegnata da tempo sul fronte energia verde. Oltre alle minicentrali idroelettriche della Vasarina e di Goito e all\u2019impianto di cogenerazione di Piubega, tra le nuove attivit\u00e0 della controllata Mantova Ambiente c\u2019\u00e8 la produzione di biometano nel sito di Pieve\u00bb. Il nuovo impianto produrr\u00e0 gas partendo da compost e frazione organica: un progetto da 20 milioni che nelle prossime settimane verr\u00e0 portato all\u2019attenzione del consiglio di amministrazione per l\u2019avvio dell\u2019iter autorizzativo. E in questo quadro rientra anche il protocollo d\u2019intesa firmato con Apam la scorsa estate che punta a utilizzare biogas ottenuto dai rifiuti organici per far funzionare i nuovi bus a metano del trasporto locale. Un accordo che si basa sui concetti di mobilit\u00e0 sostenibile ed economia circolare. In calendario per il 2019 Tea ha segnate da tempo anche le gare per la distribuzione del gas negli ambiti Mantova 1 e Mantova 2 e in via Taliercio si stanno raccogliendo i documenti per questi due importanti appuntamenti. \u00abMa ci stiamo preparando \u2013 annuncia ancora Ghizzi \u2013 anche per altre gare fuori dalla provincia\u00bb.A breve inoltre le aperture di nuovi sportelli fuori provincia: per l\u2019esattezza a Montichiari e Legnano. \u00abNel 1998 avevamo un solo sportello \u2013 conclude il presidente \u2013 ora sono oltre una ventina e le linee strategiche puntano all\u2019ampliamento della rete anche grazie ad accordi con altre societ\u00e0\u00bb.<\/p>\n<p class=\"summary\"><span style=\"font-size: 12pt;\"><em class=\"author\"><b><img loading=\"lazy\" decoding=\"async\" class=\"alignleft size-medium wp-image-952\" src=\"https:\/\/www.ambiente-vita.it\/wp-content\/uploads\/2018\/05\/32412216_10216104305031487_4751925763022782464_n-169x300.jpg\" alt=\"\" width=\"169\" height=\"300\" srcset=\"https:\/\/www.ambiente-vita.it\/wp-content\/uploads\/2018\/05\/32412216_10216104305031487_4751925763022782464_n-169x300.jpg 169w, https:\/\/www.ambiente-vita.it\/wp-content\/uploads\/2018\/05\/32412216_10216104305031487_4751925763022782464_n.jpg 540w\" sizes=\"auto, (max-width: 169px) 100vw, 169px\" \/><\/b><\/em><\/span><\/p>\n<p class=\"summary\"><span style=\"font-size: 12pt;\"><em class=\"author\"><b>Verbale seduta conferenza di servizio <\/b><\/em><em class=\"author\"><b>del 23\/06\/2017.<\/b><\/em><\/span><\/p>\n<p>Oggetto: Ditta REVERE ENERGIA soc. agr. a.r.l. con sedelegale a Mantova Via Verri, 1 e impianto in comune di Revere strada comunale delle Salandre. Procedimento \u00a0coordinato di nuova istanza di autorizzazione integrata ambientale (A.I.A.)\u2026\u2026\u2026e di modifica sostanzialedell\u2019autorizzazione n.21\/275 del 06\/11\/2012 per la costruzione e l\u2019esercizio di un impianto per la produzione di energia elettrica alimentato da fonti rinnovabili\u2026<\/p>\n","protected":false},"excerpt":{"rendered":"<p>12\/04\/2021 da &#8220;Gazzetta di Mantova&#8221; 18\/01\/2021 &#8211; L&#8217;inquinamento soffoca il futuro. Segui il link &#8211;\u00a0https:\/\/www.facebook.com\/568212286562800\/posts\/3720138994703431\/ 14\/12\/2020 &#8211; da &#8220;Voce di Mantova&#8221; 05\/06\/2019 da &#8220;Gazzetta di Mantova&#8221; Roma 20 Gennaio 2019 \u00a0&#8211; Documento incontro comitati lombardi e\u00a0Ministro Costa\u00a0 \u00a0(Segui il link) &hellip; <a href=\"https:\/\/www.ambiente-vita.it\/?page_id=1151\">Continua a leggere<span class=\"meta-nav\">&rarr;<\/span><\/a><\/p>\n","protected":false},"author":1,"featured_media":0,"parent":0,"menu_order":0,"comment_status":"closed","ping_status":"closed","template":"","meta":{"jetpack_post_was_ever_published":false,"footnotes":""},"class_list":["post-1151","page","type-page","status-publish","hentry"],"jetpack_sharing_enabled":true,"jetpack_shortlink":"https:\/\/wp.me\/P8nWBG-iz","_links":{"self":[{"href":"https:\/\/www.ambiente-vita.it\/index.php?rest_route=\/wp\/v2\/pages\/1151","targetHints":{"allow":["GET"]}}],"collection":[{"href":"https:\/\/www.ambiente-vita.it\/index.php?rest_route=\/wp\/v2\/pages"}],"about":[{"href":"https:\/\/www.ambiente-vita.it\/index.php?rest_route=\/wp\/v2\/types\/page"}],"author":[{"embeddable":true,"href":"https:\/\/www.ambiente-vita.it\/index.php?rest_route=\/wp\/v2\/users\/1"}],"replies":[{"embeddable":true,"href":"https:\/\/www.ambiente-vita.it\/index.php?rest_route=%2Fwp%2Fv2%2Fcomments&post=1151"}],"version-history":[{"count":93,"href":"https:\/\/www.ambiente-vita.it\/index.php?rest_route=\/wp\/v2\/pages\/1151\/revisions"}],"predecessor-version":[{"id":3407,"href":"https:\/\/www.ambiente-vita.it\/index.php?rest_route=\/wp\/v2\/pages\/1151\/revisions\/3407"}],"wp:attachment":[{"href":"https:\/\/www.ambiente-vita.it\/index.php?rest_route=%2Fwp%2Fv2%2Fmedia&parent=1151"}],"curies":[{"name":"wp","href":"https:\/\/api.w.org\/{rel}","templated":true}]}}